{"id":298,"date":"2021-02-24T11:51:30","date_gmt":"2021-02-24T11:51:30","guid":{"rendered":"http:\/\/ortho.win\/?page_id=298"},"modified":"2026-04-26T10:59:55","modified_gmt":"2026-04-26T08:59:55","slug":"dr-med-martin-wiewiorski","status":"publish","type":"page","link":"https:\/\/ortho.win\/en\/dr-med-martin-wiewiorski","title":{"rendered":"Dr. med. Martin Wiewiorski"},"content":{"rendered":"<div data-elementor-type=\"wp-page\" data-elementor-id=\"298\" class=\"elementor elementor-298\" data-elementor-settings=\"{&quot;ha_cmc_init_switcher&quot;:&quot;no&quot;}\" data-elementor-post-type=\"page\">\n\t\t\t\t\t\t<section class=\"elementor-section elementor-top-section elementor-element elementor-element-533f0c8b elementor-section-boxed elementor-section-height-default elementor-section-height-default\" data-id=\"533f0c8b\" data-element_type=\"section\" data-e-type=\"section\" data-settings=\"{&quot;background_background&quot;:&quot;classic&quot;,&quot;_ha_eqh_enable&quot;:false}\">\n\t\t\t\t\t\t\t<div class=\"elementor-background-overlay\"><\/div>\n\t\t\t\t\t\t\t<div class=\"elementor-container elementor-column-gap-default\">\n\t\t\t\t\t<div class=\"elementor-column elementor-col-100 elementor-top-column elementor-element elementor-element-7f9f2b79\" data-id=\"7f9f2b79\" data-element_type=\"column\" data-e-type=\"column\">\n\t\t\t<div class=\"elementor-widget-wrap elementor-element-populated\">\n\t\t\t\t\t\t<div class=\"elementor-element elementor-element-15668d24 elementor-widget elementor-widget-heading\" data-id=\"15668d24\" data-element_type=\"widget\" data-e-type=\"widget\" data-widget_type=\"heading.default\">\n\t\t\t\t<div class=\"elementor-widget-container\">\n\t\t\t\t\t<h1 class=\"elementor-heading-title elementor-size-xxl\">Dr.  med. Martin Wiewiorski<\/h1>\t\t\t\t<\/div>\n\t\t\t\t<\/div>\n\t\t\t\t\t<\/div>\n\t\t<\/div>\n\t\t\t\t\t<\/div>\n\t\t<\/section>\n\t\t\t\t<section class=\"elementor-section elementor-top-section elementor-element elementor-element-14424c3 elementor-section-boxed elementor-section-height-default elementor-section-height-default\" data-id=\"14424c3\" data-element_type=\"section\" data-e-type=\"section\" data-settings=\"{&quot;_ha_eqh_enable&quot;:false}\">\n\t\t\t\t\t\t<div class=\"elementor-container elementor-column-gap-default\">\n\t\t\t\t\t<div class=\"elementor-column elementor-col-100 elementor-top-column elementor-element elementor-element-2d20ca91\" data-id=\"2d20ca91\" data-element_type=\"column\" data-e-type=\"column\">\n\t\t\t<div class=\"elementor-widget-wrap elementor-element-populated\">\n\t\t\t\t\t\t<div class=\"elementor-element elementor-element-13b79e97 elementor-widget elementor-widget-heading\" data-id=\"13b79e97\" data-element_type=\"widget\" data-e-type=\"widget\" data-widget_type=\"heading.default\">\n\t\t\t\t<div class=\"elementor-widget-container\">\n\t\t\t\t\t<p class=\"elementor-heading-title elementor-size-medium\">Ich bin auf die Chirurgie des Fusses und des Sprunggelenks spezialisierter Operateur sowie konservativ t\u00e4tiger Orthop\u00e4de mit Schwerpunkt auf PRP-Therapie, Stosswellentherapie und Magnetfeldtherapie.\n<\/p>\t\t\t\t<\/div>\n\t\t\t\t<\/div>\n\t\t\t\t\t<\/div>\n\t\t<\/div>\n\t\t\t\t\t<\/div>\n\t\t<\/section>\n\t\t\t\t<section class=\"elementor-section elementor-top-section elementor-element elementor-element-778b552e elementor-section-boxed elementor-section-height-default elementor-section-height-default\" data-id=\"778b552e\" data-element_type=\"section\" data-e-type=\"section\" data-settings=\"{&quot;_ha_eqh_enable&quot;:false}\">\n\t\t\t\t\t\t<div class=\"elementor-container elementor-column-gap-no\">\n\t\t\t\t\t<div class=\"elementor-column elementor-col-100 elementor-top-column elementor-element elementor-element-529bdd7b\" data-id=\"529bdd7b\" data-element_type=\"column\" data-e-type=\"column\">\n\t\t\t<div class=\"elementor-widget-wrap elementor-element-populated\">\n\t\t\t\t\t\t<section class=\"elementor-section elementor-inner-section elementor-element elementor-element-18f90386 elementor-section-full_width elementor-section-height-default elementor-section-height-default\" data-id=\"18f90386\" data-element_type=\"section\" data-e-type=\"section\" data-settings=\"{&quot;_ha_eqh_enable&quot;:false}\">\n\t\t\t\t\t\t<div class=\"elementor-container elementor-column-gap-no\">\n\t\t\t\t\t<div class=\"elementor-column elementor-col-50 elementor-inner-column elementor-element elementor-element-71eea7c4\" data-id=\"71eea7c4\" data-element_type=\"column\" data-e-type=\"column\">\n\t\t\t<div class=\"elementor-widget-wrap elementor-element-populated\">\n\t\t\t\t\t\t<div class=\"elementor-element elementor-element-6e862708 elementor-widget elementor-widget-image\" data-id=\"6e862708\" data-element_type=\"widget\" data-e-type=\"widget\" data-widget_type=\"image.default\">\n\t\t\t\t<div class=\"elementor-widget-container\">\n\t\t\t\t\t\t\t\t\t\t\t\t\t\t\t<img fetchpriority=\"high\" decoding=\"async\" width=\"1707\" height=\"2560\" src=\"https:\/\/ortho.win\/wp-content\/uploads\/2026\/04\/Praxis-Wiewiorski-PraxisFotos2999-scaled.jpg\" class=\"attachment-full size-full wp-image-4679\" alt=\"\" srcset=\"https:\/\/ortho.win\/wp-content\/uploads\/2026\/04\/Praxis-Wiewiorski-PraxisFotos2999-scaled.jpg 1707w, https:\/\/ortho.win\/wp-content\/uploads\/2026\/04\/Praxis-Wiewiorski-PraxisFotos2999-200x300.jpg 200w, https:\/\/ortho.win\/wp-content\/uploads\/2026\/04\/Praxis-Wiewiorski-PraxisFotos2999-683x1024.jpg 683w, https:\/\/ortho.win\/wp-content\/uploads\/2026\/04\/Praxis-Wiewiorski-PraxisFotos2999-768x1152.jpg 768w, https:\/\/ortho.win\/wp-content\/uploads\/2026\/04\/Praxis-Wiewiorski-PraxisFotos2999-1024x1536.jpg 1024w, https:\/\/ortho.win\/wp-content\/uploads\/2026\/04\/Praxis-Wiewiorski-PraxisFotos2999-1365x2048.jpg 1365w, https:\/\/ortho.win\/wp-content\/uploads\/2026\/04\/Praxis-Wiewiorski-PraxisFotos2999-8x12.jpg 8w\" sizes=\"(max-width: 1707px) 100vw, 1707px\" \/>\t\t\t\t\t\t\t\t\t\t\t\t\t\t\t<\/div>\n\t\t\t\t<\/div>\n\t\t\t\t\t<\/div>\n\t\t<\/div>\n\t\t\t\t<div class=\"elementor-column elementor-col-50 elementor-inner-column elementor-element elementor-element-7729b50a\" data-id=\"7729b50a\" data-element_type=\"column\" data-e-type=\"column\">\n\t\t\t<div class=\"elementor-widget-wrap elementor-element-populated\">\n\t\t\t\t\t\t<div class=\"elementor-element elementor-element-63902e52 elementor-widget elementor-widget-text-editor\" data-id=\"63902e52\" data-element_type=\"widget\" data-e-type=\"widget\" data-widget_type=\"text-editor.default\">\n\t\t\t\t<div class=\"elementor-widget-container\">\n\t\t\t\t\t\t\t\t\t<p>Als\u00a0 Spezialist f\u00fcr Fuss\u00ad- und Sprunggelenk behandle ich das gesamte Spektrum von Erkrankungen des Fusses und des oberen Sprunggelenks \u2013 von einfachen Beschwerden bis hin zu komplexen Krankheitsbildern. Dabei liegt mein klarer Schwerpunkt schonenden, minimal-invasiven Eingriffen\u00a0sowie auf konservativen Therapieverfahren.<\/p><p>Ich habe mich bewusst von prothetischen Versorgungen abgewendet und verfolge konsequent gelenkerhaltende Behandlungskonzepte. Vorfusskorrekturen f\u00fchre ich vorzugsweise minimal-invasiv \u00fcber kleinste Hautzug\u00e4nge durch, mit dem Ziel einer schnellen Rehabilitation bei m\u00f6glichst geringer Belastung f\u00fcr das Gewebe.<\/p><p>Ein wesentlicher Pfeiler meiner T\u00e4tigkeit ist die umfassende konservative Therapie. Hierzu z\u00e4hlen insbesondere die\u00a0 Stosswellentherapie, Eigenblut-Injektionen, Magnetfeldtherapie, Faszientherapie sowie eine gezielte Physiotherapie<\/p>\t\t\t\t\t\t\t\t<\/div>\n\t\t\t\t<\/div>\n\t\t\t\t<div class=\"elementor-element elementor-element-202dc254 elementor-align-left elementor-widget elementor-widget-button\" data-id=\"202dc254\" data-element_type=\"widget\" data-e-type=\"widget\" data-widget_type=\"button.default\">\n\t\t\t\t<div class=\"elementor-widget-container\">\n\t\t\t\t\t\t\t\t\t<div class=\"elementor-button-wrapper\">\n\t\t\t\t\t<a class=\"elementor-button elementor-button-link elementor-size-sm\" href=\"https:\/\/ortho.win\/en\/angebot-fussorthopadie\/\">\n\t\t\t\t\t\t<span class=\"elementor-button-content-wrapper\">\n\t\t\t\t\t\t<span class=\"elementor-button-icon\">\n\t\t\t\t<i aria-hidden=\"true\" class=\"fas fa-long-arrow-alt-right\"><\/i>\t\t\t<\/span>\n\t\t\t\t\t\t\t\t\t<span class=\"elementor-button-text\">Behandlungsangebot<\/span>\n\t\t\t\t\t<\/span>\n\t\t\t\t\t<\/a>\n\t\t\t\t<\/div>\n\t\t\t\t\t\t\t\t<\/div>\n\t\t\t\t<\/div>\n\t\t\t\t\t<\/div>\n\t\t<\/div>\n\t\t\t\t\t<\/div>\n\t\t<\/section>\n\t\t\t\t\t<\/div>\n\t\t<\/div>\n\t\t\t\t\t<\/div>\n\t\t<\/section>\n\t\t\t\t<section class=\"elementor-section elementor-top-section elementor-element elementor-element-63e7bdab elementor-section-boxed elementor-section-height-default elementor-section-height-default\" data-id=\"63e7bdab\" data-element_type=\"section\" data-e-type=\"section\" id=\"teamarzt\" data-settings=\"{&quot;_ha_eqh_enable&quot;:false}\">\n\t\t\t\t\t\t<div class=\"elementor-container elementor-column-gap-no\">\n\t\t\t\t\t<div class=\"elementor-column elementor-col-33 elementor-top-column elementor-element elementor-element-38f691ee\" data-id=\"38f691ee\" data-element_type=\"column\" data-e-type=\"column\">\n\t\t\t<div class=\"elementor-widget-wrap elementor-element-populated\">\n\t\t\t\t\t\t<div class=\"elementor-element elementor-element-4a7bd320 elementor-widget elementor-widget-heading\" data-id=\"4a7bd320\" data-element_type=\"widget\" data-e-type=\"widget\" data-widget_type=\"heading.default\">\n\t\t\t\t<div class=\"elementor-widget-container\">\n\t\t\t\t\t<h2 class=\"elementor-heading-title elementor-size-default\">Teamarzt Pfadi Winterthur<\/h2>\t\t\t\t<\/div>\n\t\t\t\t<\/div>\n\t\t\t\t<div class=\"elementor-element elementor-element-76e77eb6 elementor-widget elementor-widget-text-editor\" data-id=\"76e77eb6\" data-element_type=\"widget\" data-e-type=\"widget\" data-widget_type=\"text-editor.default\">\n\t\t\t\t<div class=\"elementor-widget-container\">\n\t\t\t\t\t\t\t\t\t<p>In den Saisons 2017 -2024 unterst\u00fctzte ich das Profi -Handballteam der Pfadi Winterthur in der Nationalliga A. Dabei war ich bei Heimspielen der Mannschaft in der Eulachhalle und AXA Arena im Einsatz und betreute die Spieler bei akuten Verletzungen auf dem Spielfeld. Zudem betreue ich auch Spieler anderer Mannschaften und Ligen, welche in seiner Sprechstunde vorstellig werden. F\u00fcr den Schweizer Handballverband absolvierte ich Auslandseins\u00e4tze und betreue unter anderem die U19-Herren Nationalmannschaft.<\/p>\t\t\t\t\t\t\t\t<\/div>\n\t\t\t\t<\/div>\n\t\t\t\t\t<\/div>\n\t\t<\/div>\n\t\t\t\t<div class=\"elementor-column elementor-col-66 elementor-top-column elementor-element elementor-element-22bcde21\" data-id=\"22bcde21\" data-element_type=\"column\" data-e-type=\"column\">\n\t\t\t<div class=\"elementor-widget-wrap elementor-element-populated\">\n\t\t\t\t\t\t<div class=\"elementor-element elementor-element-ff43624 elementor-widget elementor-widget-image\" data-id=\"ff43624\" data-element_type=\"widget\" data-e-type=\"widget\" data-widget_type=\"image.default\">\n\t\t\t\t<div class=\"elementor-widget-container\">\n\t\t\t\t\t\t\t\t\t\t\t\t\t\t\t<img decoding=\"async\" width=\"1024\" height=\"683\" src=\"https:\/\/ortho.win\/wp-content\/uploads\/2025\/04\/Pfadi_Meister_2021-scaled-1-1024x683.jpg\" class=\"attachment-large size-large wp-image-4397\" alt=\"\" srcset=\"https:\/\/ortho.win\/wp-content\/uploads\/2025\/04\/Pfadi_Meister_2021-scaled-1-1024x683.jpg 1024w, https:\/\/ortho.win\/wp-content\/uploads\/2025\/04\/Pfadi_Meister_2021-scaled-1-300x200.jpg 300w, https:\/\/ortho.win\/wp-content\/uploads\/2025\/04\/Pfadi_Meister_2021-scaled-1-768x512.jpg 768w, https:\/\/ortho.win\/wp-content\/uploads\/2025\/04\/Pfadi_Meister_2021-scaled-1-1536x1024.jpg 1536w, https:\/\/ortho.win\/wp-content\/uploads\/2025\/04\/Pfadi_Meister_2021-scaled-1-2048x1366.jpg 2048w, https:\/\/ortho.win\/wp-content\/uploads\/2025\/04\/Pfadi_Meister_2021-scaled-1-18x12.jpg 18w\" sizes=\"(max-width: 1024px) 100vw, 1024px\" \/>\t\t\t\t\t\t\t\t\t\t\t\t\t\t\t<\/div>\n\t\t\t\t<\/div>\n\t\t\t\t\t<\/div>\n\t\t<\/div>\n\t\t\t\t\t<\/div>\n\t\t<\/section>\n\t\t\t\t<section class=\"elementor-section elementor-top-section elementor-element elementor-element-279c3baf elementor-section-boxed elementor-section-height-default elementor-section-height-default\" data-id=\"279c3baf\" data-element_type=\"section\" data-e-type=\"section\" id=\"preise\" data-settings=\"{&quot;background_background&quot;:&quot;classic&quot;,&quot;_ha_eqh_enable&quot;:false}\">\n\t\t\t\t\t\t<div class=\"elementor-container elementor-column-gap-no\">\n\t\t\t\t\t<div class=\"elementor-column elementor-col-33 elementor-top-column elementor-element elementor-element-63035c4\" data-id=\"63035c4\" data-element_type=\"column\" data-e-type=\"column\">\n\t\t\t<div class=\"elementor-widget-wrap elementor-element-populated\">\n\t\t\t\t\t\t<div class=\"elementor-element elementor-element-4d314879 elementor-widget elementor-widget-heading\" data-id=\"4d314879\" data-element_type=\"widget\" data-e-type=\"widget\" data-widget_type=\"heading.default\">\n\t\t\t\t<div class=\"elementor-widget-container\">\n\t\t\t\t\t<h1 class=\"elementor-heading-title elementor-size-default\">Auszeichnungen\n<\/h1>\t\t\t\t<\/div>\n\t\t\t\t<\/div>\n\t\t\t\t<div class=\"elementor-element elementor-element-6979c1d9 elementor-widget elementor-widget-text-editor\" data-id=\"6979c1d9\" data-element_type=\"widget\" data-e-type=\"widget\" data-widget_type=\"text-editor.default\">\n\t\t\t\t<div class=\"elementor-widget-container\">\n\t\t\t\t\t\t\t\t\t<p>Ich wurde 2016 durch die Amerikanische Gesellschaft f\u00fcr Fusschirurgie (AOFAS) mit einem prestigetr\u00e4chtigen Stipendium ausgezeichnet. Ein Gremium renommierter amerikanischer Fusschirurgen entschied, dass ich drei Wochen lang mit einer Gruppe internationaler Chirurgen ausgew\u00e4hlte Zentren f\u00fcr Fusschirurgie an der Ost-K\u00fcste der USA und Kanada besuchen durfte. Ich war erst der dritte Chirurg aus der Schweiz, dem diese Ehre zuteilwurde.<\/p><p>Zudem bin ich Stipendiat zahlreicher anderer Schweizer und internationaler Institutionen, unter anderem:<\/p><p>Schweizer Nationalfonds (SNF)<br \/>Schweizerische Gesellschaft f\u00fcr Orthop\u00e4die und Traumotologie (swiss orthopaedics)<br \/>Europ\u00e4ische Gesellschaft f\u00fcr Fusschirurgie (EFAS)<br \/>Gesellschaft f\u00fcr Arthroskopie und Gelenkchirurgie (AGA)<br \/>International Cartilage Repair Society (ICRS)<\/p>\t\t\t\t\t\t\t\t<\/div>\n\t\t\t\t<\/div>\n\t\t\t\t\t<\/div>\n\t\t<\/div>\n\t\t\t\t<div class=\"elementor-column elementor-col-66 elementor-top-column elementor-element elementor-element-18ea0cdf\" data-id=\"18ea0cdf\" data-element_type=\"column\" data-e-type=\"column\">\n\t\t\t<div class=\"elementor-widget-wrap elementor-element-populated\">\n\t\t\t\t\t\t<div class=\"elementor-element elementor-element-553363d3 elementor-widget elementor-widget-image\" data-id=\"553363d3\" data-element_type=\"widget\" data-e-type=\"widget\" data-widget_type=\"image.default\">\n\t\t\t\t<div class=\"elementor-widget-container\">\n\t\t\t\t\t\t\t\t\t\t\t\t\t\t\t<img decoding=\"async\" width=\"1024\" height=\"770\" src=\"https:\/\/ortho.win\/wp-content\/uploads\/2025\/04\/auszeichnungen-1024x770.jpg\" class=\"attachment-large size-large wp-image-4398\" alt=\"\" srcset=\"https:\/\/ortho.win\/wp-content\/uploads\/2025\/04\/auszeichnungen-1024x770.jpg 1024w, https:\/\/ortho.win\/wp-content\/uploads\/2025\/04\/auszeichnungen-300x226.jpg 300w, https:\/\/ortho.win\/wp-content\/uploads\/2025\/04\/auszeichnungen-768x577.jpg 768w, https:\/\/ortho.win\/wp-content\/uploads\/2025\/04\/auszeichnungen-16x12.jpg 16w, https:\/\/ortho.win\/wp-content\/uploads\/2025\/04\/auszeichnungen.jpg 1478w\" sizes=\"(max-width: 1024px) 100vw, 1024px\" \/>\t\t\t\t\t\t\t\t\t\t\t\t\t\t\t<\/div>\n\t\t\t\t<\/div>\n\t\t\t\t\t<\/div>\n\t\t<\/div>\n\t\t\t\t\t<\/div>\n\t\t<\/section>\n\t\t\t\t<section class=\"elementor-section elementor-top-section elementor-element elementor-element-58372b08 elementor-section-boxed elementor-section-height-default elementor-section-height-default\" data-id=\"58372b08\" data-element_type=\"section\" data-e-type=\"section\" id=\"forschung\" data-settings=\"{&quot;background_background&quot;:&quot;classic&quot;,&quot;_ha_eqh_enable&quot;:false}\">\n\t\t\t\t\t\t<div class=\"elementor-container elementor-column-gap-no\">\n\t\t\t\t\t<div class=\"elementor-column elementor-col-50 elementor-top-column elementor-element elementor-element-6c2fbc4b\" data-id=\"6c2fbc4b\" data-element_type=\"column\" data-e-type=\"column\">\n\t\t\t<div class=\"elementor-widget-wrap elementor-element-populated\">\n\t\t\t\t\t\t<div class=\"elementor-element elementor-element-71d0b1f4 elementor-widget elementor-widget-heading\" data-id=\"71d0b1f4\" data-element_type=\"widget\" data-e-type=\"widget\" data-widget_type=\"heading.default\">\n\t\t\t\t<div class=\"elementor-widget-container\">\n\t\t\t\t\t<h1 class=\"elementor-heading-title elementor-size-default\">Wissenschaftliche Arbeit<\/h1>\t\t\t\t<\/div>\n\t\t\t\t<\/div>\n\t\t\t\t<div class=\"elementor-element elementor-element-6884683 elementor-arrows-position-inside elementor-widget elementor-widget-image-carousel\" data-id=\"6884683\" data-element_type=\"widget\" data-e-type=\"widget\" data-settings=\"{&quot;slides_to_show&quot;:&quot;3&quot;,&quot;image_spacing_custom&quot;:{&quot;unit&quot;:&quot;px&quot;,&quot;size&quot;:40,&quot;sizes&quot;:[]},&quot;navigation&quot;:&quot;arrows&quot;,&quot;autoplay&quot;:&quot;yes&quot;,&quot;pause_on_hover&quot;:&quot;yes&quot;,&quot;pause_on_interaction&quot;:&quot;yes&quot;,&quot;autoplay_speed&quot;:5000,&quot;infinite&quot;:&quot;yes&quot;,&quot;speed&quot;:500,&quot;image_spacing_custom_tablet&quot;:{&quot;unit&quot;:&quot;px&quot;,&quot;size&quot;:&quot;&quot;,&quot;sizes&quot;:[]},&quot;image_spacing_custom_mobile&quot;:{&quot;unit&quot;:&quot;px&quot;,&quot;size&quot;:&quot;&quot;,&quot;sizes&quot;:[]}}\" data-widget_type=\"image-carousel.default\">\n\t\t\t\t<div class=\"elementor-widget-container\">\n\t\t\t\t\t\t\t<div class=\"elementor-image-carousel-wrapper swiper\" role=\"region\" aria-roledescription=\"carousel\" aria-label=\"Bild Karussell\" dir=\"ltr\">\n\t\t\t<div class=\"elementor-image-carousel swiper-wrapper\" aria-live=\"off\">\n\t\t\t\t\t\t\t\t<div class=\"swiper-slide\" role=\"group\" aria-roledescription=\"slide\" aria-label=\"1 of 6\"><figure class=\"swiper-slide-inner\"><img decoding=\"async\" class=\"swiper-slide-image\" src=\"https:\/\/ortho.win\/wp-content\/uploads\/2025\/04\/university-utah-healthcare.png\" alt=\"university-utah-healthcare.png\" \/><\/figure><\/div><div class=\"swiper-slide\" role=\"group\" aria-roledescription=\"slide\" aria-label=\"2 of 6\"><figure class=\"swiper-slide-inner\"><img decoding=\"async\" class=\"swiper-slide-image\" src=\"https:\/\/ortho.win\/wp-content\/uploads\/2025\/04\/osteoarthritis-research-center-basel.png\" alt=\"osteoarthritis-research-center-basel.png\" \/><\/figure><\/div><div class=\"swiper-slide\" role=\"group\" aria-roledescription=\"slide\" aria-label=\"3 of 6\"><figure class=\"swiper-slide-inner\"><img decoding=\"async\" class=\"swiper-slide-image\" src=\"https:\/\/ortho.win\/wp-content\/uploads\/2025\/04\/harvard.png\" alt=\"harvard.png\" \/><\/figure><\/div><div class=\"swiper-slide\" role=\"group\" aria-roledescription=\"slide\" aria-label=\"4 of 6\"><figure class=\"swiper-slide-inner\"><img decoding=\"async\" class=\"swiper-slide-image\" src=\"https:\/\/ortho.win\/wp-content\/uploads\/2025\/04\/ksw.png\" alt=\"ksw.png\" \/><\/figure><\/div><div class=\"swiper-slide\" role=\"group\" aria-roledescription=\"slide\" aria-label=\"5 of 6\"><figure class=\"swiper-slide-inner\"><img decoding=\"async\" class=\"swiper-slide-image\" src=\"https:\/\/ortho.win\/wp-content\/uploads\/2025\/04\/szpital-sw-lukasza.png\" alt=\"szpital-sw-lukasza.png\" \/><\/figure><\/div><div class=\"swiper-slide\" role=\"group\" aria-roledescription=\"slide\" aria-label=\"6 of 6\"><figure class=\"swiper-slide-inner\"><img decoding=\"async\" class=\"swiper-slide-image\" src=\"https:\/\/ortho.win\/wp-content\/uploads\/2025\/04\/genolier-logo.png\" alt=\"genolier-logo.png\" \/><\/figure><\/div>\t\t\t<\/div>\n\t\t\t\t\t\t\t\t\t\t\t\t<div class=\"elementor-swiper-button elementor-swiper-button-prev\" role=\"button\" tabindex=\"0\">\n\t\t\t\t\t\t<i aria-hidden=\"true\" class=\"eicon-chevron-left\"><\/i>\t\t\t\t\t<\/div>\n\t\t\t\t\t<div class=\"elementor-swiper-button elementor-swiper-button-next\" role=\"button\" tabindex=\"0\">\n\t\t\t\t\t\t<i aria-hidden=\"true\" class=\"eicon-chevron-right\"><\/i>\t\t\t\t\t<\/div>\n\t\t\t\t\n\t\t\t\t\t\t\t\t\t<\/div>\n\t\t\t\t\t\t<\/div>\n\t\t\t\t<\/div>\n\t\t\t\t\t<\/div>\n\t\t<\/div>\n\t\t\t\t<div class=\"elementor-column elementor-col-50 elementor-top-column elementor-element elementor-element-bbcc2cc\" data-id=\"bbcc2cc\" data-element_type=\"column\" data-e-type=\"column\">\n\t\t\t<div class=\"elementor-widget-wrap elementor-element-populated\">\n\t\t\t\t\t\t<div class=\"elementor-element elementor-element-3aa565c8 elementor-widget elementor-widget-text-editor\" data-id=\"3aa565c8\" data-element_type=\"widget\" data-e-type=\"widget\" data-widget_type=\"text-editor.default\">\n\t\t\t\t<div class=\"elementor-widget-container\">\n\t\t\t\t\t\t\t\t\t<p>Die Resultate wissenschaftlicher Arbeit sind wichtig, um die Qualit\u00e4t der Behandlung von Patienten kontinuierlich verbessern zu k\u00f6nnen. Ich bin daher an der Umsetzung zahlreicher Studien in der Schweiz sowie im Ausland beteiligt. Dazu geh\u00f6ren zum Beispiel klinische Nachuntersuchungen, wo die Resultate bestimmter Operationsverfahren evaluiert werden. Aber auch Laborstudien sind wichtig, um neue Behandlungsmethoden zu entwickeln, die sp\u00e4ter zur Verbesserung von Diagnostik oder Therapien am Patienten angewendet werden k\u00f6nnen.<\/p>\t\t\t\t\t\t\t\t<\/div>\n\t\t\t\t<\/div>\n\t\t\t\t\t<\/div>\n\t\t<\/div>\n\t\t\t\t\t<\/div>\n\t\t<\/section>\n\t\t\t\t<\/div>","protected":false},"excerpt":{"rendered":"<p>Dr. med. Martin Wiewiorski Ich bin auf die Chirurgie des Fusses und des Sprunggelenks spezialisierter Operateur sowie konservativ t\u00e4tiger Orthop\u00e4de mit Schwerpunkt auf PRP-Therapie, Stosswellentherapie und Magnetfeldtherapie. Als\u00a0 Spezialist f\u00fcr Fuss\u00ad- und Sprunggelenk behandle ich das gesamte Spektrum von Erkrankungen des Fusses und des oberen Sprunggelenks \u2013 von einfachen Beschwerden bis hin zu komplexen Krankheitsbildern. [&hellip;]<\/p>\n","protected":false},"author":5,"featured_media":0,"parent":0,"menu_order":0,"comment_status":"closed","ping_status":"closed","template":"","meta":{"site-sidebar-layout":"no-sidebar","site-content-layout":"page-builder","ast-site-content-layout":"default","site-content-style":"default","site-sidebar-style":"default","ast-global-header-display":"","ast-banner-title-visibility":"","ast-main-header-display":"","ast-hfb-above-header-display":"","ast-hfb-below-header-display":"","ast-hfb-mobile-header-display":"","site-post-title":"disabled","ast-breadcrumbs-content":"","ast-featured-img":"","footer-sml-layout":"","ast-disable-related-posts":"","theme-transparent-header-meta":"enabled","adv-header-id-meta":"","stick-header-meta":"","header-above-stick-meta":"","header-main-stick-meta":"","header-below-stick-meta":"","astra-migrate-meta-layouts":"default","ast-page-background-enabled":"default","ast-page-background-meta":{"desktop":{"background-color":"","background-image":"","background-repeat":"repeat","background-position":"center center","background-size":"auto","background-attachment":"scroll","background-type":"","background-media":"","overlay-type":"","overlay-color":"","overlay-opacity":"","overlay-gradient":""},"tablet":{"background-color":"","background-image":"","background-repeat":"repeat","background-position":"center center","background-size":"auto","background-attachment":"scroll","background-type":"","background-media":"","overlay-type":"","overlay-color":"","overlay-opacity":"","overlay-gradient":""},"mobile":{"background-color":"","background-image":"","background-repeat":"repeat","background-position":"center center","background-size":"auto","background-attachment":"scroll","background-type":"","background-media":"","overlay-type":"","overlay-color":"","overlay-opacity":"","overlay-gradient":""}},"ast-content-background-meta":{"desktop":{"background-color":"var(--ast-global-color-5)","background-image":"","background-repeat":"repeat","background-position":"center center","background-size":"auto","background-attachment":"scroll","background-type":"","background-media":"","overlay-type":"","overlay-color":"","overlay-opacity":"","overlay-gradient":""},"tablet":{"background-color":"var(--ast-global-color-5)","background-image":"","background-repeat":"repeat","background-position":"center center","background-size":"auto","background-attachment":"scroll","background-type":"","background-media":"","overlay-type":"","overlay-color":"","overlay-opacity":"","overlay-gradient":""},"mobile":{"background-color":"var(--ast-global-color-5)","background-image":"","background-repeat":"repeat","background-position":"center center","background-size":"auto","background-attachment":"scroll","background-type":"","background-media":"","overlay-type":"","overlay-color":"","overlay-opacity":"","overlay-gradient":""}},"footnotes":""},"class_list":["post-298","page","type-page","status-publish","hentry"],"yoast_head":"<!-- This site is optimized with the Yoast SEO plugin v26.8 - https:\/\/yoast.com\/product\/yoast-seo-wordpress\/ -->\n<title>Dr. med. Martin Wiewiorski - WinOrtho<\/title>\n<meta name=\"robots\" content=\"index, follow, max-snippet:-1, max-image-preview:large, max-video-preview:-1\" \/>\n<link rel=\"canonical\" href=\"https:\/\/ortho.win\/en\/dr-med-martin-wiewiorski\/\" \/>\n<meta property=\"og:locale\" content=\"en_US\" \/>\n<meta property=\"og:type\" content=\"article\" \/>\n<meta property=\"og:title\" content=\"Dr. med. Martin Wiewiorski - WinOrtho\" \/>\n<meta property=\"og:description\" content=\"Dr. med. Martin Wiewiorski Ich bin auf die Chirurgie des Fusses und des Sprunggelenks spezialisierter Operateur sowie konservativ t\u00e4tiger Orthop\u00e4de mit Schwerpunkt auf PRP-Therapie, Stosswellentherapie und Magnetfeldtherapie. Als\u00a0 Spezialist f\u00fcr Fuss\u00ad- und Sprunggelenk behandle ich das gesamte Spektrum von Erkrankungen des Fusses und des oberen Sprunggelenks \u2013 von einfachen Beschwerden bis hin zu komplexen Krankheitsbildern. [&hellip;]\" \/>\n<meta property=\"og:url\" content=\"https:\/\/ortho.win\/en\/dr-med-martin-wiewiorski\/\" \/>\n<meta property=\"og:site_name\" content=\"WinOrtho\" \/>\n<meta property=\"article:modified_time\" content=\"2026-04-26T08:59:55+00:00\" \/>\n<meta property=\"og:image\" content=\"https:\/\/ortho.win\/wp-content\/uploads\/2026\/04\/Praxis-Wiewiorski-PraxisFotos2999-scaled.jpg\" \/>\n\t<meta property=\"og:image:width\" content=\"1707\" \/>\n\t<meta property=\"og:image:height\" content=\"2560\" \/>\n\t<meta property=\"og:image:type\" content=\"image\/jpeg\" \/>\n<meta name=\"twitter:card\" content=\"summary_large_image\" \/>\n<meta name=\"twitter:label1\" content=\"Est. reading time\" \/>\n\t<meta name=\"twitter:data1\" content=\"6 minutes\" \/>\n<script type=\"application\/ld+json\" class=\"yoast-schema-graph\">{\"@context\":\"https:\/\/schema.org\",\"@graph\":[{\"@type\":\"WebPage\",\"@id\":\"https:\/\/ortho.win\/dr-med-martin-wiewiorski\",\"url\":\"https:\/\/ortho.win\/dr-med-martin-wiewiorski\",\"name\":\"Dr. med. Martin Wiewiorski - WinOrtho\",\"isPartOf\":{\"@id\":\"https:\/\/ortho.win\/#website\"},\"primaryImageOfPage\":{\"@id\":\"https:\/\/ortho.win\/dr-med-martin-wiewiorski#primaryimage\"},\"image\":{\"@id\":\"https:\/\/ortho.win\/dr-med-martin-wiewiorski#primaryimage\"},\"thumbnailUrl\":\"https:\/\/ortho.win\/wp-content\/uploads\/2026\/04\/Praxis-Wiewiorski-PraxisFotos2999-scaled.jpg\",\"datePublished\":\"2021-02-24T11:51:30+00:00\",\"dateModified\":\"2026-04-26T08:59:55+00:00\",\"breadcrumb\":{\"@id\":\"https:\/\/ortho.win\/dr-med-martin-wiewiorski#breadcrumb\"},\"inLanguage\":\"en-US\",\"potentialAction\":[{\"@type\":\"ReadAction\",\"target\":[\"https:\/\/ortho.win\/dr-med-martin-wiewiorski\"]}]},{\"@type\":\"ImageObject\",\"inLanguage\":\"en-US\",\"@id\":\"https:\/\/ortho.win\/dr-med-martin-wiewiorski#primaryimage\",\"url\":\"https:\/\/ortho.win\/wp-content\/uploads\/2026\/04\/Praxis-Wiewiorski-PraxisFotos2999-scaled.jpg\",\"contentUrl\":\"https:\/\/ortho.win\/wp-content\/uploads\/2026\/04\/Praxis-Wiewiorski-PraxisFotos2999-scaled.jpg\"},{\"@type\":\"BreadcrumbList\",\"@id\":\"https:\/\/ortho.win\/dr-med-martin-wiewiorski#breadcrumb\",\"itemListElement\":[{\"@type\":\"ListItem\",\"position\":1,\"name\":\"Startseite\",\"item\":\"https:\/\/ortho.win\/\"},{\"@type\":\"ListItem\",\"position\":2,\"name\":\"Dr. med. Martin Wiewiorski\"}]},{\"@type\":\"WebSite\",\"@id\":\"https:\/\/ortho.win\/#website\",\"url\":\"https:\/\/ortho.win\/\",\"name\":\"WinOrtho\",\"description\":\"ORTHOP\u00c4DIE_SPORTMEDIZIN_REHABILITATION\",\"publisher\":{\"@id\":\"https:\/\/ortho.win\/#organization\"},\"potentialAction\":[{\"@type\":\"SearchAction\",\"target\":{\"@type\":\"EntryPoint\",\"urlTemplate\":\"https:\/\/ortho.win\/?s={search_term_string}\"},\"query-input\":{\"@type\":\"PropertyValueSpecification\",\"valueRequired\":true,\"valueName\":\"search_term_string\"}}],\"inLanguage\":\"en-US\"},{\"@type\":\"Organization\",\"@id\":\"https:\/\/ortho.win\/#organization\",\"name\":\"WinOrtho\",\"url\":\"https:\/\/ortho.win\/\",\"logo\":{\"@type\":\"ImageObject\",\"inLanguage\":\"en-US\",\"@id\":\"https:\/\/ortho.win\/#\/schema\/logo\/image\/\",\"url\":\"https:\/\/ortho.win\/wp-content\/uploads\/2021\/04\/winortho-farbe.png\",\"contentUrl\":\"https:\/\/ortho.win\/wp-content\/uploads\/2021\/04\/winortho-farbe.png\",\"width\":1028,\"height\":370,\"caption\":\"WinOrtho\"},\"image\":{\"@id\":\"https:\/\/ortho.win\/#\/schema\/logo\/image\/\"}}]}<\/script>\n<!-- \/ Yoast SEO plugin. -->","yoast_head_json":{"title":"Dr. med. Martin Wiewiorski - WinOrtho","robots":{"index":"index","follow":"follow","max-snippet":"max-snippet:-1","max-image-preview":"max-image-preview:large","max-video-preview":"max-video-preview:-1"},"canonical":"https:\/\/ortho.win\/en\/dr-med-martin-wiewiorski\/","og_locale":"en_US","og_type":"article","og_title":"Dr. med. Martin Wiewiorski - WinOrtho","og_description":"Dr. med. Martin Wiewiorski Ich bin auf die Chirurgie des Fusses und des Sprunggelenks spezialisierter Operateur sowie konservativ t\u00e4tiger Orthop\u00e4de mit Schwerpunkt auf PRP-Therapie, Stosswellentherapie und Magnetfeldtherapie. Als\u00a0 Spezialist f\u00fcr Fuss\u00ad- und Sprunggelenk behandle ich das gesamte Spektrum von Erkrankungen des Fusses und des oberen Sprunggelenks \u2013 von einfachen Beschwerden bis hin zu komplexen Krankheitsbildern. [&hellip;]","og_url":"https:\/\/ortho.win\/en\/dr-med-martin-wiewiorski\/","og_site_name":"WinOrtho","article_modified_time":"2026-04-26T08:59:55+00:00","og_image":[{"width":1707,"height":2560,"url":"https:\/\/ortho.win\/wp-content\/uploads\/2026\/04\/Praxis-Wiewiorski-PraxisFotos2999-scaled.jpg","type":"image\/jpeg"}],"twitter_card":"summary_large_image","twitter_misc":{"Est. reading time":"6 minutes"},"schema":{"@context":"https:\/\/schema.org","@graph":[{"@type":"WebPage","@id":"https:\/\/ortho.win\/dr-med-martin-wiewiorski","url":"https:\/\/ortho.win\/dr-med-martin-wiewiorski","name":"Dr. med. Martin Wiewiorski - WinOrtho","isPartOf":{"@id":"https:\/\/ortho.win\/#website"},"primaryImageOfPage":{"@id":"https:\/\/ortho.win\/dr-med-martin-wiewiorski#primaryimage"},"image":{"@id":"https:\/\/ortho.win\/dr-med-martin-wiewiorski#primaryimage"},"thumbnailUrl":"https:\/\/ortho.win\/wp-content\/uploads\/2026\/04\/Praxis-Wiewiorski-PraxisFotos2999-scaled.jpg","datePublished":"2021-02-24T11:51:30+00:00","dateModified":"2026-04-26T08:59:55+00:00","breadcrumb":{"@id":"https:\/\/ortho.win\/dr-med-martin-wiewiorski#breadcrumb"},"inLanguage":"en-US","potentialAction":[{"@type":"ReadAction","target":["https:\/\/ortho.win\/dr-med-martin-wiewiorski"]}]},{"@type":"ImageObject","inLanguage":"en-US","@id":"https:\/\/ortho.win\/dr-med-martin-wiewiorski#primaryimage","url":"https:\/\/ortho.win\/wp-content\/uploads\/2026\/04\/Praxis-Wiewiorski-PraxisFotos2999-scaled.jpg","contentUrl":"https:\/\/ortho.win\/wp-content\/uploads\/2026\/04\/Praxis-Wiewiorski-PraxisFotos2999-scaled.jpg"},{"@type":"BreadcrumbList","@id":"https:\/\/ortho.win\/dr-med-martin-wiewiorski#breadcrumb","itemListElement":[{"@type":"ListItem","position":1,"name":"Startseite","item":"https:\/\/ortho.win\/"},{"@type":"ListItem","position":2,"name":"Dr. med. Martin Wiewiorski"}]},{"@type":"WebSite","@id":"https:\/\/ortho.win\/#website","url":"https:\/\/ortho.win\/","name":"WinOrtho","description":"ORTHOP\u00c4DIE_SPORTMEDIZIN_REHABILITATION","publisher":{"@id":"https:\/\/ortho.win\/#organization"},"potentialAction":[{"@type":"SearchAction","target":{"@type":"EntryPoint","urlTemplate":"https:\/\/ortho.win\/?s={search_term_string}"},"query-input":{"@type":"PropertyValueSpecification","valueRequired":true,"valueName":"search_term_string"}}],"inLanguage":"en-US"},{"@type":"Organization","@id":"https:\/\/ortho.win\/#organization","name":"WinOrtho","url":"https:\/\/ortho.win\/","logo":{"@type":"ImageObject","inLanguage":"en-US","@id":"https:\/\/ortho.win\/#\/schema\/logo\/image\/","url":"https:\/\/ortho.win\/wp-content\/uploads\/2021\/04\/winortho-farbe.png","contentUrl":"https:\/\/ortho.win\/wp-content\/uploads\/2021\/04\/winortho-farbe.png","width":1028,"height":370,"caption":"WinOrtho"},"image":{"@id":"https:\/\/ortho.win\/#\/schema\/logo\/image\/"}}]}},"_links":{"self":[{"href":"https:\/\/ortho.win\/en\/wp-json\/wp\/v2\/pages\/298","targetHints":{"allow":["GET"]}}],"collection":[{"href":"https:\/\/ortho.win\/en\/wp-json\/wp\/v2\/pages"}],"about":[{"href":"https:\/\/ortho.win\/en\/wp-json\/wp\/v2\/types\/page"}],"author":[{"embeddable":true,"href":"https:\/\/ortho.win\/en\/wp-json\/wp\/v2\/users\/5"}],"replies":[{"embeddable":true,"href":"https:\/\/ortho.win\/en\/wp-json\/wp\/v2\/comments?post=298"}],"version-history":[{"count":598,"href":"https:\/\/ortho.win\/en\/wp-json\/wp\/v2\/pages\/298\/revisions"}],"predecessor-version":[{"id":4698,"href":"https:\/\/ortho.win\/en\/wp-json\/wp\/v2\/pages\/298\/revisions\/4698"}],"wp:attachment":[{"href":"https:\/\/ortho.win\/en\/wp-json\/wp\/v2\/media?parent=298"}],"curies":[{"name":"wp","href":"https:\/\/api.w.org\/{rel}","templated":true}]}}